{"id":17841,"date":"2025-07-13T19:45:34","date_gmt":"2025-07-13T17:45:34","guid":{"rendered":"https:\/\/mataroactiva.net\/?post_type=listing&#038;p=17841"},"modified":"2025-07-13T19:45:34","modified_gmt":"2025-07-13T17:45:34","slug":"santes2025-seny-i-rauixa-les-santes-sonocromatica","status":"publish","type":"listing","link":"https:\/\/mataroactiva.net\/cat\/negocio\/santes2025-seny-i-rauixa-les-santes-sonocromatica\/","title":{"rendered":"&#8220;Seny i Rauixa&#8221; Les Santes sonocrom\u00e1tica"},"content":{"rendered":"<p data-start=\"330\" data-end=\"624\">Aquest estiu, La Destil\u00b7leria presenta <em data-start=\"368\" data-end=\"409\">Seny i Rauxa: Les Santes Sonocrom\u00e1ticas<\/em>, una iniciativa col\u00b7lectiva que proposa una mirada innovadora i participativa sobre la festa, combinant art i experimentaci\u00f3. La base del projecte \u00e9s el sonocromatisme, una t\u00e8cnica que tradueix sons en colors.<\/p>\n<p data-start=\"626\" data-end=\"892\">Els artistes convidats han seleccionat peces musicals emblem\u00e0tiques de Les Santes i les han transformat en creacions visuals a partir d'un proc\u00e9s cient\u00edfic desenvolupat per Neil Harbisson, pioner mundial en sonocromatisme i reconegut com el primer c\u00edborg.<\/p>\n<p data-start=\"894\" data-end=\"1246\">Aquesta metodologia converteix les vibracions sonores en dades crom\u00e0tiques, donant lloc a un llenguatge pl\u00e0stic \u00fanic que permet interpretar la m\u00fasica a trav\u00e9s del color. Cada obra reflecteix l'experi\u00e8ncia personal i art\u00edstica dels seus creadors, oferint una fusi\u00f3 de sensacions visuals i auditives que convida a redescobrir la m\u00fasica de manera innovadora.<\/p>\n<p data-start=\"1248\" data-end=\"1415\">A m\u00e9s, l'exposici\u00f3 ofereix un espai divulgatiu per a aprofundir en el sonocromatisme, explorant com el so pot ser tradu\u00eft i percebut mitjan\u00e7ant el color.<\/p>\n<p data-start=\"1417\" data-end=\"1552\">Amb aquest projecte, La Destil\u00b7leria obre una via de di\u00e0leg entre art i ci\u00e8ncia, promovent la seva difusi\u00f3 i acostament a la comunitat.<\/p>\n<p data-start=\"1554\" data-end=\"1957\"><strong data-start=\"1554\" data-end=\"1581\">Artistes participants:<\/strong><br data-start=\"1581\" data-end=\"1584\" \/>Berta Ale\u00f1\u00e0, Agit Baqu\u00e9, Jos\u00e9 Barranco, Judit Batay\u00e9, Tato Boada, Laia Calsapeu, Maria F. Cort\u00e9s, Neil Harbisson, Adria Jornet, Reyes Lobo, Paul Lombarte, Marne Mart\u00ednez, Leo Montserrat, Cecilia Morales, Miquel Ortega, Rut Pla del R\u00edo, Enric Punsola, Rosa Pursals, Ot Puy, Ignasi Puy, Ona Puy, Golly Rectoret, Carme Rigola, Carme Roher, Pol U\u00f1\u00f3 G., Alexandra Zaynuldinova<\/p>\n<p data-start=\"1959\" data-end=\"1997\"><strong data-start=\"1959\" data-end=\"1995\">Visita fins al 16 de setembre<\/strong><\/p>\n<p data-start=\"1999\" data-end=\"2041\">Organitza: La Destil\u00b7leria Espai Cultural<\/p>","protected":false},"excerpt":{"rendered":"<p>Este verano, La Destil\u00b7leria presenta Seny i Rauxa: Les Santes Sonocrom\u00e1ticas, una iniciativa colectiva que propone una mirada innovadora y participativa sobre la fiesta, combinando arte y experimentaci\u00f3n. La base del proyecto es el sonocromatismo, una t\u00e9cnica que traduce sonidos en colores. Los artistas invitados han seleccionado piezas musicales emblem\u00e1ticas de Les Santes y las &hellip; <\/p>","protected":false},"author":11,"featured_media":17532,"parent":0,"menu_order":0,"comment_status":"open","ping_status":"closed","template":"","class_list":["post-17841","listing","type-listing","status-publish","has-post-thumbnail","hentry","listing_cat-actividades-santes2025","listing_feature-agenda-cultural","listing_feature-ideal-ninos","listing_location-cataluna","listing_location-centro","listing_location-mataro","listing_tag-19-de-julio","listing_tag-evento-fiesta-mayor"],"_links":{"self":[{"href":"https:\/\/mataroactiva.net\/cat\/wp-json\/wp\/v2\/listing\/17841","targetHints":{"allow":["GET"]}}],"collection":[{"href":"https:\/\/mataroactiva.net\/cat\/wp-json\/wp\/v2\/listing"}],"about":[{"href":"https:\/\/mataroactiva.net\/cat\/wp-json\/wp\/v2\/types\/listing"}],"author":[{"embeddable":true,"href":"https:\/\/mataroactiva.net\/cat\/wp-json\/wp\/v2\/users\/11"}],"replies":[{"embeddable":true,"href":"https:\/\/mataroactiva.net\/cat\/wp-json\/wp\/v2\/comments?post=17841"}],"wp:featuredmedia":[{"embeddable":true,"href":"https:\/\/mataroactiva.net\/cat\/wp-json\/wp\/v2\/media\/17532"}],"wp:attachment":[{"href":"https:\/\/mataroactiva.net\/cat\/wp-json\/wp\/v2\/media?parent=17841"}],"curies":[{"name":"wp","href":"https:\/\/api.w.org\/{rel}","templated":true}]}}