{"id":17837,"date":"2025-07-13T19:16:05","date_gmt":"2025-07-13T17:16:05","guid":{"rendered":"https:\/\/mataroactiva.net\/?post_type=listing&#038;p=17837"},"modified":"2025-07-13T19:16:05","modified_gmt":"2025-07-13T17:16:05","slug":"santes2025-dissantes","status":"publish","type":"listing","link":"https:\/\/mataroactiva.net\/cat\/negocio\/santes2025-dissantes\/","title":{"rendered":"Dissantes"},"content":{"rendered":"<p data-start=\"233\" data-end=\"483\">El dia m\u00e9s solidari de Les Santes torna amb una jornada repleta d'activitats inclusives, alegria i molta energia per a tots els p\u00fablics. La Fundaci\u00f3 el Maresme et convida a gaudir d'aquesta gran festa per a viure-la amb intensitat i en comunitat.<\/p>\n<p data-start=\"485\" data-end=\"506\"><strong data-start=\"485\" data-end=\"506\">Programa del dia:<\/strong><\/p>\n<ul data-start=\"508\" data-end=\"1367\">\n<li data-start=\"508\" data-end=\"822\">\n<p data-start=\"510\" data-end=\"822\"><strong data-start=\"510\" data-end=\"544\">De 11 a 13 h i de 17 a 20.30 h<\/strong><br data-start=\"544\" data-end=\"547\" \/>\ud83d\udc49 <em data-start=\"552\" data-end=\"569\">Jocs d'en Santi<\/em><br data-start=\"569\" data-end=\"572\" \/>Activitats infantils, tallers i reptes pensats per a experimentar realitats diverses com les que viuen moltes persones en el nostre entorn. Inclou un circuit de mobilitat redu\u00efda i un sensorial per a posar-se en la pell de persones invidents.<\/p>\n<\/li>\n<li data-start=\"824\" data-end=\"860\">\n<p data-start=\"826\" data-end=\"860\"><strong data-start=\"826\" data-end=\"834\">13 h<\/strong><br data-start=\"834\" data-end=\"837\" \/>\ud83d\udc49 <em data-start=\"842\" data-end=\"860\">Vermut solidari<\/em><\/p>\n<\/li>\n<li data-start=\"862\" data-end=\"969\">\n<p data-start=\"864\" data-end=\"969\"><strong data-start=\"864\" data-end=\"885\">18.30 h i 19.30 h<\/strong><br data-start=\"885\" data-end=\"888\" \/>\ud83d\udc49 <em data-start=\"893\" data-end=\"911\">Contes d'en Santi<\/em><br data-start=\"911\" data-end=\"914\" \/>Narracions des de l'escenari per als m\u00e9s petits.<\/p>\n<\/li>\n<li data-start=\"971\" data-end=\"1083\">\n<p data-start=\"973\" data-end=\"1083\"><strong data-start=\"973\" data-end=\"981\">21 h<\/strong><br data-start=\"981\" data-end=\"984\" \/>\ud83d\udc49 <em data-start=\"989\" data-end=\"1009\">Flashmob Dissantes<\/em><br data-start=\"1009\" data-end=\"1012\" \/>Participa en el ball popular amb <strong data-start=\"1048\" data-end=\"1064\">Wiz Problema<\/strong> i <strong data-start=\"1067\" data-end=\"1082\">Mama Dousha<\/strong>.<\/p>\n<\/li>\n<li data-start=\"1085\" data-end=\"1209\">\n<p data-start=\"1087\" data-end=\"1209\"><strong data-start=\"1087\" data-end=\"1098\">21.30 h<\/strong><br data-start=\"1098\" data-end=\"1101\" \/>\ud83d\udc49 <em data-start=\"1106\" data-end=\"1121\">Sopar d'en Santi<\/em><br data-start=\"1121\" data-end=\"1124\" \/>Gaudeix de l'ambient amb servei de barra i m\u00fasica a c\u00e0rrec de <strong data-start=\"1190\" data-end=\"1208\">DJ Albert Vega<\/strong>.<\/p>\n<\/li>\n<li data-start=\"1211\" data-end=\"1367\">\n<p data-start=\"1213\" data-end=\"1367\"><strong data-start=\"1213\" data-end=\"1240\">A partir de les 22.30 h<\/strong><br data-start=\"1240\" data-end=\"1243\" \/>\ud83d\udc49 <em data-start=\"1248\" data-end=\"1270\">Concerts Dissantes<\/em><br data-start=\"1270\" data-end=\"1273\" \/>La nit s'omple de m\u00fasica i festa amb <strong data-start=\"1317\" data-end=\"1332\">Mama Dousha<\/strong>, <strong data-start=\"1334\" data-end=\"1353\">Hotel Cochambre<\/strong> i <strong data-start=\"1356\" data-end=\"1366\">DJ Lin<\/strong>!<\/p>\n<\/li>\n<\/ul>\n<p data-start=\"1369\" data-end=\"1587\">\u2728 Al llarg del dia, col\u00b7labora amb la Fundaci\u00f3 el Maresme consumint en les barres, comprant productes solidaris o quedant-te a sopar. La teva participaci\u00f3 ajuda a promoure la inclusi\u00f3 social en el marc de Les Santes.<\/p>\n<p data-start=\"1589\" data-end=\"1670\">\ud83e\udde1 <strong data-start=\"1592\" data-end=\"1605\">Organitza:<\/strong> Fundaci\u00f3 el Maresme<br data-start=\"1625\" data-end=\"1628\" \/>\ud83e\udd1d Amb el suport de l'Ajuntament de Matar\u00f3<\/p>","protected":false},"excerpt":{"rendered":"<p>El d\u00eda m\u00e1s solidario de Les Santes vuelve con una jornada repleta de actividades inclusivas, alegr\u00eda y mucha energ\u00eda para todos los p\u00fablicos. La Fundaci\u00f3 el Maresme te invita a disfrutar de esta gran fiesta para vivirla con intensidad y en comunidad. Programa del d\u00eda: De 11 a 13 h y de 17 a 20.30 &hellip; <\/p>","protected":false},"author":11,"featured_media":17529,"parent":0,"menu_order":0,"comment_status":"open","ping_status":"closed","template":"","class_list":["post-17837","listing","type-listing","status-publish","has-post-thumbnail","hentry","listing_cat-actividades-santes2025","listing_feature-agenda-cultural","listing_feature-ideal-ninos","listing_location-cataluna","listing_location-centro","listing_location-mataro","listing_tag-19-de-julio","listing_tag-evento-fiesta-mayor"],"_links":{"self":[{"href":"https:\/\/mataroactiva.net\/cat\/wp-json\/wp\/v2\/listing\/17837","targetHints":{"allow":["GET"]}}],"collection":[{"href":"https:\/\/mataroactiva.net\/cat\/wp-json\/wp\/v2\/listing"}],"about":[{"href":"https:\/\/mataroactiva.net\/cat\/wp-json\/wp\/v2\/types\/listing"}],"author":[{"embeddable":true,"href":"https:\/\/mataroactiva.net\/cat\/wp-json\/wp\/v2\/users\/11"}],"replies":[{"embeddable":true,"href":"https:\/\/mataroactiva.net\/cat\/wp-json\/wp\/v2\/comments?post=17837"}],"wp:featuredmedia":[{"embeddable":true,"href":"https:\/\/mataroactiva.net\/cat\/wp-json\/wp\/v2\/media\/17529"}],"wp:attachment":[{"href":"https:\/\/mataroactiva.net\/cat\/wp-json\/wp\/v2\/media?parent=17837"}],"curies":[{"name":"wp","href":"https:\/\/api.w.org\/{rel}","templated":true}]}}