{"id":17760,"date":"2025-07-13T00:28:33","date_gmt":"2025-07-12T22:28:33","guid":{"rendered":"https:\/\/mataroactiva.net\/?post_type=listing&#038;p=17760"},"modified":"2025-07-13T00:28:33","modified_gmt":"2025-07-12T22:28:33","slug":"santes2025-la-hora-del-patio","status":"publish","type":"listing","link":"https:\/\/mataroactiva.net\/cat\/negocio\/santes2025-la-hora-del-patio\/","title":{"rendered":"L'hora del pati"},"content":{"rendered":"<p data-start=\"146\" data-end=\"333\"><strong data-start=\"146\" data-end=\"228\">Anima't! Projeccions familiars amb l'alumnat de la Escola Montserrat Sol\u00e0<\/strong><br data-start=\"311\" data-end=\"314\" \/><strong data-start=\"314\" data-end=\"331\">Entrada lliure<\/strong><\/p>\n<p data-start=\"335\" data-end=\"749\">Arriba una nit molt especial per a gaudir en fam\u00edlia: els i les estudiants de 6\u00e8 de la Escola Montserrat Sol\u00e0 presenten els seus curtmetratges en una sessi\u00f3 plena de creativitat, humor, reflexi\u00f3 i talent jove. Sota la direcci\u00f3 de Susana Bacard\u00ed i amb la col\u00b7laboraci\u00f3 de les seves tutores Sandra Gibanel i Mariona Padr\u00f3s, ens conviden a descobrir el treball audiovisual que han desenvolupat durant el curs.<\/p>\n<p data-start=\"751\" data-end=\"777\"><strong data-start=\"751\" data-end=\"777\">Duraci\u00f3 total: 44\u201950\u201d<\/strong><\/p>\n<p data-start=\"779\" data-end=\"814\">\ud83c\udfac <strong data-start=\"782\" data-end=\"812\">Curtmetratges presentats:<\/strong><\/p>\n<ul data-start=\"815\" data-end=\"1973\">\n<li data-start=\"815\" data-end=\"946\">\n<p data-start=\"817\" data-end=\"946\"><em data-start=\"817\" data-end=\"842\">Anem de col\u00f2nies!<\/em><br data-start=\"842\" data-end=\"845\" \/>Max Rodr\u00edguez Ortega, Rodney Cabrera Sosa, Rut Triador Mach, Arlet Plaza Pened\u00e8s y Noa Ainsa Ruiz<\/p>\n<\/li>\n<li data-start=\"947\" data-end=\"1057\">\n<p data-start=\"949\" data-end=\"1057\"><em data-start=\"949\" data-end=\"975\">Pl\u00e0stic? No, gr\u00e0cies!<\/em><br data-start=\"975\" data-end=\"978\" \/>Alex Gil, Aran Real, Pep Llibre, \u00cdngrid Cirera, Juli\u00e0 Rosa y Sohail El Hani<\/p>\n<\/li>\n<li data-start=\"1058\" data-end=\"1184\">\n<p data-start=\"1060\" data-end=\"1184\"><em data-start=\"1060\" data-end=\"1078\">La gran apagada!<\/em><br data-start=\"1078\" data-end=\"1081\" \/>Zakaria Bellouafi, Yasser Khannoun, Enrique Rivera, Ana Herrera, Valentina Mestres y Akram Ennamich<\/p>\n<\/li>\n<li data-start=\"1185\" data-end=\"1321\">\n<p data-start=\"1187\" data-end=\"1321\"><em data-start=\"1187\" data-end=\"1234\">Lamine Yamal, el nen que jugava a Rocafonda<\/em><br data-start=\"1234\" data-end=\"1237\" \/>Nora Karroua, Safae El Menssouri, Gael Armenteros, Rayan Mabrouk y Gael Alberola<\/p>\n<\/li>\n<li data-start=\"1322\" data-end=\"1428\">\n<p data-start=\"1324\" data-end=\"1428\"><em data-start=\"1324\" data-end=\"1347\">El comiat de sis\u00e8<\/em><br data-start=\"1347\" data-end=\"1350\" \/>Hodaifa Karrouchi, Desi Ruiz, Carlota Guinart, Thomas Ruiz y Lara Serrouck<\/p>\n<\/li>\n<li data-start=\"1429\" data-end=\"1539\">\n<p data-start=\"1431\" data-end=\"1539\"><em data-start=\"1431\" data-end=\"1467\">Dues veus, una hist\u00f2ria compartida<\/em><br data-start=\"1467\" data-end=\"1470\" \/>Irina Garcia, Lada Shkurin, Nidal Taibi, Nil Gual y Mart\u00ed Trevi\u00f1o<\/p>\n<\/li>\n<li data-start=\"1540\" data-end=\"1647\">\n<p data-start=\"1542\" data-end=\"1647\"><em data-start=\"1542\" data-end=\"1562\">Apocalipsis zombie<\/em><br data-start=\"1562\" data-end=\"1565\" \/>Toni Casanovas, Nil Roura, Ritaje El Maazouzi, Isabel Ramos y Zakaria Makhlouf<\/p>\n<\/li>\n<li data-start=\"1648\" data-end=\"1758\">\n<p data-start=\"1650\" data-end=\"1758\"><em data-start=\"1650\" data-end=\"1676\">El primer dia d\u2019escola<\/em><br data-start=\"1676\" data-end=\"1679\" \/>Kali Nomoko, Bernat Tolosa, Ginan El Abbass, Bruno Ferrer y Claudia Carmona<\/p>\n<\/li>\n<li data-start=\"1759\" data-end=\"1877\">\n<p data-start=\"1761\" data-end=\"1877\"><em data-start=\"1761\" data-end=\"1782\">\u201cXarxes\u201d amb respecte!<\/em><br data-start=\"1782\" data-end=\"1785\" \/>Douae En-ngadi, Adri\u00e0 Costa, Lia Lara, Asier Buetas, Javier Gil y Cesar Rey Portocarrero<\/p>\n<\/li>\n<li data-start=\"1878\" data-end=\"1973\">\n<p data-start=\"1880\" data-end=\"1973\"><em data-start=\"1880\" data-end=\"1894\">L\u2019institut<\/em><br data-start=\"1894\" data-end=\"1897\" \/>Luca Caballero, Lluc Tobella, Joan Vi\u00f1als, Dara Bartr\u00e8s y Jan Armenteros<\/p>\n<\/li>\n<\/ul>\n<p data-start=\"1975\" data-end=\"2139\">Una proposta del projecte <strong data-start=\"2002\" data-end=\"2015\">&#8220;Anima\u2019t&#8221;<\/strong> que dona veu a la inf\u00e0ncia a trav\u00e9s del llenguatge audiovisual. Vine a aplaudir el treball d'aquests petits grans cineastes!<\/p>\n<p data-start=\"1813\" data-end=\"1970\">\n<p data-start=\"1813\" data-end=\"1970\">Foto: alumnes de 6\u00e8 de l&#8217;escola Montserrat Sol\u00e0 (curs 2024-2025)<\/p>","protected":false},"excerpt":{"rendered":"<p>\u00a1An\u00edmate! Proyecciones familiares con el alumnado de la Escola Montserrat Sol\u00e0Entrada libre Llega una noche muy especial para disfrutar en familia: los y las estudiantes de 6\u00ba de la Escola Montserrat Sol\u00e0 presentan sus cortometrajes en una sesi\u00f3n llena de creatividad, humor, reflexi\u00f3n y talento joven. Bajo la direcci\u00f3n de Susana Bacard\u00ed y con la &hellip; <\/p>","protected":false},"author":11,"featured_media":17492,"parent":0,"menu_order":0,"comment_status":"open","ping_status":"closed","template":"","class_list":["post-17760","listing","type-listing","status-publish","has-post-thumbnail","hentry","listing_cat-actividades-santes2025","listing_feature-agenda-cultural","listing_feature-ideal-ninos","listing_location-cataluna","listing_location-centro","listing_location-mataro","listing_tag-evento-fiesta-mayor"],"_links":{"self":[{"href":"https:\/\/mataroactiva.net\/cat\/wp-json\/wp\/v2\/listing\/17760","targetHints":{"allow":["GET"]}}],"collection":[{"href":"https:\/\/mataroactiva.net\/cat\/wp-json\/wp\/v2\/listing"}],"about":[{"href":"https:\/\/mataroactiva.net\/cat\/wp-json\/wp\/v2\/types\/listing"}],"author":[{"embeddable":true,"href":"https:\/\/mataroactiva.net\/cat\/wp-json\/wp\/v2\/users\/11"}],"replies":[{"embeddable":true,"href":"https:\/\/mataroactiva.net\/cat\/wp-json\/wp\/v2\/comments?post=17760"}],"wp:featuredmedia":[{"embeddable":true,"href":"https:\/\/mataroactiva.net\/cat\/wp-json\/wp\/v2\/media\/17492"}],"wp:attachment":[{"href":"https:\/\/mataroactiva.net\/cat\/wp-json\/wp\/v2\/media?parent=17760"}],"curies":[{"name":"wp","href":"https:\/\/api.w.org\/{rel}","templated":true}]}}