{"id":17758,"date":"2025-07-13T00:09:45","date_gmt":"2025-07-12T22:09:45","guid":{"rendered":"https:\/\/mataroactiva.net\/?post_type=listing&#038;p=17758"},"modified":"2025-07-13T00:10:16","modified_gmt":"2025-07-12T22:10:16","slug":"santes2025-coro-madrigalista-50-anos","status":"publish","type":"listing","link":"https:\/\/mataroactiva.net\/cat\/negocio\/santes2025-coro-madrigalista-50-anos\/","title":{"rendered":"Cor Madrigalista - 50 Anys"},"content":{"rendered":"<p data-start=\"117\" data-end=\"236\"><strong data-start=\"117\" data-end=\"199\">Concert extraordinari pel 50\u00e8 aniversari del Cor Madrigalista de Matar\u00f3<\/strong><br data-start=\"199\" data-end=\"202\" \/><strong data-start=\"202\" data-end=\"236\">Mig segle de m\u00fasica coral<\/strong><\/p>\n<p data-start=\"238\" data-end=\"679\">Aquest 2025, el Cor Madrigalista de Matar\u00f3 celebra amb emoci\u00f3 els seus 50 anys d'hist\u00f2ria. Fundat en 1975 per la fam\u00edlia Esquerra, el cor va n\u00e9ixer de l'entusiasme compartit per un grup de cantors que van apostar per donar vida a una nova formaci\u00f3 musical. El seu nom ret homenatge a una agrupaci\u00f3 coral anterior, <em data-start=\"546\" data-end=\"573\">Els Madrigalistes d\u2019Iluro<\/em>, creada en 1947 per les fam\u00edlies Esquerra i Masjoan sota la direcci\u00f3 del compositor Crist\u00f2for Taltabull.<\/p>\n<p data-start=\"681\" data-end=\"1034\">Amb aquesta nova etapa, renaixia l'inter\u00e8s pel madrigal i el cant cl\u00e0ssic a Matar\u00f3, gr\u00e0cies a la passi\u00f3 dels seus integrants i a l'impuls de figures clau com Salom\u00e9 Esquerra, fundadora del cor, i el polifac\u00e8tic artista Jordi Arenas, tots dos fonamentals en la formaci\u00f3 vocal dels primers membres i en l'organitzaci\u00f3 dels primers concerts.<\/p>\n<p data-start=\"1036\" data-end=\"1411\">Durant cinc d\u00e8cades, el Cor Madrigalista ha recorregut un ampli repertori que abasta des del Renaixement fins a la m\u00fasica contempor\u00e0nia, actuant en escenaris de tota Catalunya i tamb\u00e9 en diferents pa\u00efsos europeus. La seva traject\u00f2ria ha estat possible gr\u00e0cies al comprom\u00eds de cantors i directors, aix\u00ed com al suport constant d'un p\u00fablic fidel que ha acompanyat cada pas.<\/p>\n<p data-start=\"1413\" data-end=\"1811\">Per a commemorar aquest aniversari, el cor ha preparat un concert extraordinari en el qual participaran tots els seus directors vius: Jordi Teixid\u00f3, Gen\u00eds Mayola, Xavier Nogu\u00e9, Jordi Guri, Daniel Cardenal, Ranghild Hjelmborg i Cl\u00e0udia Dub\u00e9. Cadascun d'ells dirigir\u00e0 una pe\u00e7a significativa de la seva etapa al capdavant del cor, en un recorregut emocional per la hist\u00f2ria musical de la formaci\u00f3.<\/p>\n<p data-start=\"1813\" data-end=\"1970\">I aix\u00f2 \u00e9s nom\u00e9s el principi: al llarg de 2026, el Cor Madrigalista continuar\u00e0 amb la celebraci\u00f3 del seu aniversari amb dos nous concerts especials.<\/p>\n<p style=\"text-align: center;\" data-start=\"1813\" data-end=\"1970\"><a href=\"https:\/\/entrades.culturamataro.cat\/events\/cor-madrigalista-50-anys\" rel=\"noopener\">ENTRADES<\/a><\/p>\n<p data-start=\"1813\" data-end=\"1970\">Foto: <a href=\"https:\/\/www.instagram.com\/romualdgallofre\/\" rel=\"noopener\">Romuald Gallofr\u00e9<\/a><\/p>","protected":false},"excerpt":{"rendered":"<p>Concierto extraordinario por el 50\u00ba aniversario del Cor Madrigalista de Matar\u00f3Medio siglo de m\u00fasica coral Este 2025, el Coro Madrigalista de Matar\u00f3 celebra con emoci\u00f3n sus 50 a\u00f1os de historia. Fundado en 1975 por la familia Esquerra, el coro naci\u00f3 del entusiasmo compartido por un grupo de cantores que apostaron por dar vida a una &hellip; <\/p>","protected":false},"author":11,"featured_media":17491,"parent":0,"menu_order":0,"comment_status":"open","ping_status":"closed","template":"","class_list":["post-17758","listing","type-listing","status-publish","has-post-thumbnail","hentry","listing_cat-actividades-santes2025","listing_feature-agenda-cultural","listing_feature-ideal-ninos","listing_location-cataluna","listing_location-centro","listing_location-mataro","listing_tag-evento-fiesta-mayor"],"_links":{"self":[{"href":"https:\/\/mataroactiva.net\/cat\/wp-json\/wp\/v2\/listing\/17758","targetHints":{"allow":["GET"]}}],"collection":[{"href":"https:\/\/mataroactiva.net\/cat\/wp-json\/wp\/v2\/listing"}],"about":[{"href":"https:\/\/mataroactiva.net\/cat\/wp-json\/wp\/v2\/types\/listing"}],"author":[{"embeddable":true,"href":"https:\/\/mataroactiva.net\/cat\/wp-json\/wp\/v2\/users\/11"}],"replies":[{"embeddable":true,"href":"https:\/\/mataroactiva.net\/cat\/wp-json\/wp\/v2\/comments?post=17758"}],"wp:featuredmedia":[{"embeddable":true,"href":"https:\/\/mataroactiva.net\/cat\/wp-json\/wp\/v2\/media\/17491"}],"wp:attachment":[{"href":"https:\/\/mataroactiva.net\/cat\/wp-json\/wp\/v2\/media?parent=17758"}],"curies":[{"name":"wp","href":"https:\/\/api.w.org\/{rel}","templated":true}]}}