{"id":17755,"date":"2025-07-12T23:46:40","date_gmt":"2025-07-12T21:46:40","guid":{"rendered":"https:\/\/mataroactiva.net\/?post_type=listing&#038;p=17755"},"modified":"2025-07-12T23:49:20","modified_gmt":"2025-07-12T21:49:20","slug":"santes2025-kris-ubach-cuando-no-son-santas","status":"publish","type":"listing","link":"https:\/\/mataroactiva.net\/cat\/negocio\/santes2025-kris-ubach-cuando-no-son-santas\/","title":{"rendered":"Kris Ubach. Quan no s\u00f3n Santes"},"content":{"rendered":"<p data-start=\"120\" data-end=\"238\"><strong data-start=\"120\" data-end=\"180\">Exposici\u00f3 fotogr\u00e0fica de Les Santes 2024 per Kris Ubach<\/strong><br data-start=\"180\" data-end=\"183\" \/><strong data-start=\"183\" data-end=\"238\">Del 20 de juliol al 7 de setembre \u00b7 Sala del M|A|C<\/strong><\/p>\n<p data-start=\"240\" data-end=\"497\">La reconeguda fotoperiodista Kris Ubach va ser l'encarregada de capturar amb la seva mirada \u00fanica els moments m\u00e9s representatius dels Santes 2024. Ara, durant l'edici\u00f3 de 2025, presenta el seu treball en una exposici\u00f3 que es podr\u00e0 visitar a la sala del M|A|C.<\/p>\n<p data-start=\"499\" data-end=\"878\">Inspirada en el comptador regressiu que marca, segon a segon, l'arribada de la pr\u00f2xima Festa Major \u2014present tant en el programa com en la web oficial\u2014, la proposta expositiva de Ubach reflecteix aquesta espera constant que viu la ciutat. Perqu\u00e8 a Matar\u00f3, Les Santes bateguen tot l'any: als carrers, en la rutina di\u00e0ria, en cada rac\u00f3 on s'evoca l'emoci\u00f3 de la festa.<\/p>\n<p data-start=\"880\" data-end=\"1171\">Seg\u00fan la propia artista, los santeros y santeras llevan dentro la esencia de Les Santes los 365 d\u00edas: al cruzar la Riera, al ir al mercado, al tomar el sol o al ver las luces de Navidad&#8230; todo nos conecta con los bailes, la p\u00f3lvora, la m\u00fasica y los rituales de nuestra celebraci\u00f3n m\u00e1s viva.<\/p>\n<p data-start=\"1173\" data-end=\"1238\"><strong data-start=\"1173\" data-end=\"1238\">Visita comentada amb l'autora: dijous 24 de juliol a les 19 h.<\/strong><\/p>\n<p data-start=\"1240\" data-end=\"1747\">Kris Ubach, origin\u00e0ria del Maresme, \u00e9s fotoperiodista i escriptora especialitzada en viatges, turisme i sostenibilitat des de fa m\u00e9s de 25 anys. Ha recorregut m\u00e9s de 85 pa\u00efsos i col\u00b7labora amb mitjans com <em data-start=\"1440\" data-end=\"1468\">National Geographic Viajes<\/em>, <em data-start=\"1470\" data-end=\"1491\">Conde Nast Traveler<\/em>, <em data-start=\"1493\" data-end=\"1518\">Lonely Planet Traveller<\/em>, <em data-start=\"1520\" data-end=\"1528\">Viajar<\/em> i <em data-start=\"1531\" data-end=\"1546\">La Vanguardia<\/em>. Tamb\u00e9 ha treballat a RAC1 i actualment condueix la secci\u00f3 setmanal <em data-start=\"1618\" data-end=\"1639\">Cr\u00f3nicas Americanas<\/em> a Catalunya R\u00e0dio. Compagina la seva labor professional amb la doc\u00e8ncia a la Universitat Aut\u00f2noma de Barcelona.<\/p>\n<p data-start=\"1749\" data-end=\"1815\">M\u00e9s informaci\u00f3: <a class=\"\" href=\"http:\/\/www.krisubach.photo\" target=\"_new\" rel=\"noopener\" data-start=\"1766\" data-end=\"1815\">www.krisubach.photo<\/a><\/p>\n<p data-start=\"1817\" data-end=\"1845\"><strong data-start=\"1817\" data-end=\"1830\">Organitza:<\/strong> Cultura Matar\u00f3<\/p>","protected":false},"excerpt":{"rendered":"<p>Exposici\u00f3n fotogr\u00e1fica de Les Santes 2024 por Kris UbachDel 20 de julio al 7 de septiembre \u00b7 Sala del M|A|C La reconocida fotoperiodista Kris Ubach fue la encargada de capturar con su mirada \u00fanica los momentos m\u00e1s representativos de Les Santes 2024. Ahora, durante la edici\u00f3n de 2025, presenta su trabajo en una exposici\u00f3n que &hellip; <\/p>","protected":false},"author":11,"featured_media":17756,"parent":0,"menu_order":0,"comment_status":"open","ping_status":"closed","template":"","class_list":["post-17755","listing","type-listing","status-publish","has-post-thumbnail","hentry","listing_cat-actividades-santes2025","listing_feature-agenda-cultural","listing_feature-ideal-ninos","listing_location-cataluna","listing_location-centro","listing_location-mataro","listing_tag-evento-fiesta-mayor"],"_links":{"self":[{"href":"https:\/\/mataroactiva.net\/cat\/wp-json\/wp\/v2\/listing\/17755","targetHints":{"allow":["GET"]}}],"collection":[{"href":"https:\/\/mataroactiva.net\/cat\/wp-json\/wp\/v2\/listing"}],"about":[{"href":"https:\/\/mataroactiva.net\/cat\/wp-json\/wp\/v2\/types\/listing"}],"author":[{"embeddable":true,"href":"https:\/\/mataroactiva.net\/cat\/wp-json\/wp\/v2\/users\/11"}],"replies":[{"embeddable":true,"href":"https:\/\/mataroactiva.net\/cat\/wp-json\/wp\/v2\/comments?post=17755"}],"wp:featuredmedia":[{"embeddable":true,"href":"https:\/\/mataroactiva.net\/cat\/wp-json\/wp\/v2\/media\/17756"}],"wp:attachment":[{"href":"https:\/\/mataroactiva.net\/cat\/wp-json\/wp\/v2\/media?parent=17755"}],"curies":[{"name":"wp","href":"https:\/\/api.w.org\/{rel}","templated":true}]}}