{"id":16507,"date":"2025-02-10T12:14:11","date_gmt":"2025-02-10T11:14:11","guid":{"rendered":"https:\/\/mataroactiva.net\/?post_type=listing&#038;p=16507"},"modified":"2025-02-10T13:56:21","modified_gmt":"2025-02-10T12:56:21","slug":"vodafone-mataro-parc","status":"publish","type":"listing","link":"https:\/\/mataroactiva.net\/cat\/negocio\/vodafone-mataro-parc\/","title":{"rendered":"Vodafone Matar\u00f3 Parc"},"content":{"rendered":"<p>Vodafone Matar\u00f3 Parc \u00e9s una botiga especialitzada en solucions de telecomunicacions, situada en el centre comercial Matar\u00f3 Parc. Aquest establiment ofereix una \u00e0mplia gamma de serveis, des de contractaci\u00f3 de l\u00ednies m\u00f2bils i tarifes de dades fins a venda de dispositius com a tel\u00e8fons intel\u00b7ligents, tauletes i accessoris tecnol\u00f2gics. Amb un equip de professionals capacitats, Vodafone Matar\u00f3 Parc brinda assessorament personalitzat perqu\u00e8 cada client trobi l'opci\u00f3 que millor s'adapti a les seves necessitats.<\/p>\n<p>A Vodafone Matar\u00f3 Parc, els clients poden gaudir d'un entorn modern i acollidor, dissenyat per a facilitar l'experi\u00e8ncia de compra. A m\u00e9s d'oferir els \u00faltims llan\u00e7aments en tecnologia, el personal est\u00e0 disponible per a resoldre dubtes sobre configuracions, aplicacions i funcionalitats dels dispositius. Aquest enfocament pr\u00f2xim i professional ha convertit a la botiga en un referent per als residents de Matar\u00f3 i voltants.<\/p>\n<p>La ubicaci\u00f3 al centre comercial Matar\u00f3 Parc permet als clients combinar les seves visites a Vodafone amb altres activitats, com a compres o oci. Aquest espai no sols facilita l'acc\u00e9s, sin\u00f3 que tamb\u00e9 garanteix un servei \u00e0gil i eficient. Vodafone Matar\u00f3 Parc es distingeix pel seu comprom\u00eds amb la innovaci\u00f3 i la satisfacci\u00f3 del client, oferint solucions tecnol\u00f2giques adaptades a un m\u00f3n cada vegada m\u00e9s connectat.<\/p>\n<p>Per als qui busquen estar al dia en telecomunicacions, Vodafone Matar\u00f3 Parc \u00e9s l'opci\u00f3 ideal. Ja sigui per a adquirir un nou dispositiu, contractar un servei o resoldre incid\u00e8ncies, aquest establiment combina qualitat, atenci\u00f3 personalitzada i un ampli cat\u00e0leg de productes. La seva pres\u00e8ncia en el centre comercial refor\u00e7a la seva posici\u00f3 com un aliat tecnol\u00f2gic de confian\u00e7a i accessible per a la comunitat.<\/p>","protected":false},"excerpt":{"rendered":"<p>Vodafone Matar\u00f3 Parc es una tienda especializada en soluciones de telecomunicaciones, ubicada en el centro comercial Matar\u00f3 Parc. Este establecimiento ofrece una amplia gama de servicios, desde contrataci\u00f3n de l\u00edneas m\u00f3viles y tarifas de datos hasta venta de dispositivos como smartphones, tablets y accesorios tecnol\u00f3gicos. Con un equipo de profesionales capacitados, Vodafone Matar\u00f3 Parc brinda &hellip; <\/p>","protected":false},"author":23,"featured_media":16520,"parent":0,"menu_order":0,"comment_status":"open","ping_status":"closed","template":"","class_list":["post-16507","listing","type-listing","status-publish","has-post-thumbnail","hentry","listing_cat-telefonia","listing_feature-accesibles-para-minusvalidos","listing_feature-accesorios-telefonia","listing_feature-fibra","listing_feature-fijo","listing_feature-fundas-protectores-telefonia","listing_feature-movil","listing_feature-tarjeta-prepago","listing_feature-venta-de-telefonos","listing_location-cc-mataro-parc","listing_location-cataluna","listing_location-mataro","listing_tag-fibra","listing_tag-fijo","listing_tag-telefonia","listing_tag-vodafone"],"_links":{"self":[{"href":"https:\/\/mataroactiva.net\/cat\/wp-json\/wp\/v2\/listing\/16507","targetHints":{"allow":["GET"]}}],"collection":[{"href":"https:\/\/mataroactiva.net\/cat\/wp-json\/wp\/v2\/listing"}],"about":[{"href":"https:\/\/mataroactiva.net\/cat\/wp-json\/wp\/v2\/types\/listing"}],"author":[{"embeddable":true,"href":"https:\/\/mataroactiva.net\/cat\/wp-json\/wp\/v2\/users\/23"}],"replies":[{"embeddable":true,"href":"https:\/\/mataroactiva.net\/cat\/wp-json\/wp\/v2\/comments?post=16507"}],"wp:featuredmedia":[{"embeddable":true,"href":"https:\/\/mataroactiva.net\/cat\/wp-json\/wp\/v2\/media\/16520"}],"wp:attachment":[{"href":"https:\/\/mataroactiva.net\/cat\/wp-json\/wp\/v2\/media?parent=16507"}],"curies":[{"name":"wp","href":"https:\/\/api.w.org\/{rel}","templated":true}]}}