{"id":14664,"date":"2024-12-16T12:28:14","date_gmt":"2024-12-16T11:28:14","guid":{"rendered":"https:\/?post_type=listing&#038;p=14664"},"modified":"2024-12-16T12:28:14","modified_gmt":"2024-12-16T11:28:14","slug":"la-yeca-mataro-parc","status":"publish","type":"listing","link":"https:\/\/mataroactiva.net\/cat\/negocio\/la-yeca-mataro-parc\/","title":{"rendered":"La Yeca Matar\u00f3 Parc"},"content":{"rendered":"<p>La Yeca Matar\u00f3 Parc \u00e9s el lloc ideal per a gaudir de les aut\u00e8ntiques empanades argentines en un ambient modern i acollidor. Situada en el popular centre comercial Matar\u00f3 Parc, aquesta recent incorporaci\u00f3 s'ha convertit en una parada obligat\u00f2ria per als qui busquen sabors \u00fanics i un menjar r\u00e0pid, deliciosa i de qualitat.<\/p>\n<p>Especialitzats en empanades argentines, La Yeca Matar\u00f3 Parc ofereix una varietat d'opcions que encanten tant als amants de la gastronomia tradicional com als qui busquen noves experi\u00e8ncies culin\u00e0ries. Cada empanada est\u00e0 elaborada amb ingredients frescos i receptes aut\u00e8ntiques, respectant l'ess\u00e8ncia de la cuina argentina.<\/p>\n<p>La Yeca no sols destaca pel seu sabor, sin\u00f3 tamb\u00e9 pel seu excel\u00b7lent servei i la possibilitat de gaudir d'un menjar informal durant una jornada de compres a Matar\u00f3 Parc. Ja sigui per a portar o per a gaudir en el centre comercial, La Yeca Matar\u00f3 Parc \u00e9s sens dubte un rac\u00f3 gastron\u00f2mic que mereix ser descobert.<\/p>","protected":false},"excerpt":{"rendered":"<p>La Yeca Matar\u00f3 Parc es el lugar ideal para disfrutar de las aut\u00e9nticas empanadas argentinas en un ambiente moderno y acogedor. Ubicada en el popular centro comercial Matar\u00f3 Parc, esta reciente incorporaci\u00f3n se ha convertido en una parada obligatoria para quienes buscan sabores \u00fanicos y una comida r\u00e1pida, deliciosa y de calidad. Especializados en empanadas &hellip; <\/p>","protected":false},"author":1,"featured_media":15509,"parent":0,"menu_order":0,"comment_status":"open","ping_status":"closed","template":"","class_list":["post-14664","listing","type-listing","status-publish","has-post-thumbnail","hentry","listing_cat-comida-internacional","listing_feature-accesibles-para-minusvalidos","listing_feature-aceptan-mascotas","listing_feature-restaurantes-aptos-para-veganos-en-mataro","listing_feature-restaurantes-aptos-para-vegetarianos-en-mataro","listing_feature-recogida-en-local","listing_feature-terraza","listing_location-cc-mataro-parc","listing_location-cataluna","listing_location-mataro","listing_tag-argentina","listing_tag-criollo","listing_tag-empanadas"],"_links":{"self":[{"href":"https:\/\/mataroactiva.net\/cat\/wp-json\/wp\/v2\/listing\/14664","targetHints":{"allow":["GET"]}}],"collection":[{"href":"https:\/\/mataroactiva.net\/cat\/wp-json\/wp\/v2\/listing"}],"about":[{"href":"https:\/\/mataroactiva.net\/cat\/wp-json\/wp\/v2\/types\/listing"}],"author":[{"embeddable":true,"href":"https:\/\/mataroactiva.net\/cat\/wp-json\/wp\/v2\/users\/1"}],"replies":[{"embeddable":true,"href":"https:\/\/mataroactiva.net\/cat\/wp-json\/wp\/v2\/comments?post=14664"}],"wp:featuredmedia":[{"embeddable":true,"href":"https:\/\/mataroactiva.net\/cat\/wp-json\/wp\/v2\/media\/15509"}],"wp:attachment":[{"href":"https:\/\/mataroactiva.net\/cat\/wp-json\/wp\/v2\/media?parent=14664"}],"curies":[{"name":"wp","href":"https:\/\/api.w.org\/{rel}","templated":true}]}}