{"id":14654,"date":"2024-12-12T21:38:58","date_gmt":"2024-12-12T20:38:58","guid":{"rendered":"https:\/?post_type=listing&#038;p=14654"},"modified":"2025-02-12T00:06:39","modified_gmt":"2025-02-11T23:06:39","slug":"la-casa-del-libro-mataro-parc","status":"publish","type":"listing","link":"https:\/\/mataroactiva.net\/cat\/negocio\/la-casa-del-libro-mataro-parc\/","title":{"rendered":"La Casa del Llibre Matar\u00f3 Parc"},"content":{"rendered":"<p>La Casa del Llibre Matar\u00f3 Parc \u00e9s un lloc imprescindible per als amants de la lectura, oferint una \u00e0mplia selecci\u00f3 de t\u00edtols que abasten des de cl\u00e0ssics literaris fins a les \u00faltimes novetats editorials. El seu cat\u00e0leg inclou llibres de tots els g\u00e8neres, des de novel\u00b7les i assajos fins a literatura infantil, assegurant opcions per a tots els gustos i edats.<\/p>\n<p>L'espai est\u00e0 dissenyat per a inspirar i fomentar l'amor per la lectura, amb una disposici\u00f3 acollidora que convida a explorar cada rac\u00f3. A m\u00e9s, compten amb assessorament personalitzat per a ajudar-te a trobar l'obra perfecta segons les teves prefer\u00e8ncies o necessitats.<\/p>\n<p>A La Casa del Llibre Matar\u00f3 Parc tamb\u00e9 destaquen els seus esdeveniments literaris, com a presentacions de llibres i signatures d'autors, que converteixen la visita en una experi\u00e8ncia cultural enriquidora. \u00c9s el lloc ideal per a gaudir de la m\u00e0gia dels llibres i submergir-se en noves hist\u00f2ries.<\/p>","protected":false},"excerpt":{"rendered":"<p>La Casa del Libro Matar\u00f3 Parc es un lugar imprescindible para los amantes de la lectura, ofreciendo una amplia selecci\u00f3n de t\u00edtulos que abarcan desde cl\u00e1sicos literarios hasta las \u00faltimas novedades editoriales. Su cat\u00e1logo incluye libros de todos los g\u00e9neros, desde novelas y ensayos hasta literatura infantil, asegurando opciones para todos los gustos y edades. &hellip; <\/p>","protected":false},"author":1,"featured_media":15476,"parent":0,"menu_order":0,"comment_status":"open","ping_status":"closed","template":"","class_list":["post-14654","listing","type-listing","status-publish","has-post-thumbnail","hentry","listing_cat-librerias","listing_feature-accesibles-para-minusvalidos","listing_feature-comics","listing_feature-libros","listing_feature-mangas","listing_location-cc-mataro-parc","listing_location-cataluna","listing_location-mataro","listing_tag-biografias","listing_tag-comics","listing_tag-libreria","listing_tag-libros","listing_tag-manga","listing_tag-novela"],"_links":{"self":[{"href":"https:\/\/mataroactiva.net\/cat\/wp-json\/wp\/v2\/listing\/14654","targetHints":{"allow":["GET"]}}],"collection":[{"href":"https:\/\/mataroactiva.net\/cat\/wp-json\/wp\/v2\/listing"}],"about":[{"href":"https:\/\/mataroactiva.net\/cat\/wp-json\/wp\/v2\/types\/listing"}],"author":[{"embeddable":true,"href":"https:\/\/mataroactiva.net\/cat\/wp-json\/wp\/v2\/users\/1"}],"replies":[{"embeddable":true,"href":"https:\/\/mataroactiva.net\/cat\/wp-json\/wp\/v2\/comments?post=14654"}],"wp:featuredmedia":[{"embeddable":true,"href":"https:\/\/mataroactiva.net\/cat\/wp-json\/wp\/v2\/media\/15476"}],"wp:attachment":[{"href":"https:\/\/mataroactiva.net\/cat\/wp-json\/wp\/v2\/media?parent=14654"}],"curies":[{"name":"wp","href":"https:\/\/api.w.org\/{rel}","templated":true}]}}