{"id":14647,"date":"2025-01-08T12:19:21","date_gmt":"2025-01-08T11:19:21","guid":{"rendered":"https:\/?post_type=listing&#038;p=14647"},"modified":"2025-02-11T23:43:26","modified_gmt":"2025-02-11T22:43:26","slug":"general-optica-mataro-parc","status":"publish","type":"listing","link":"https:\/\/mataroactiva.net\/cat\/negocio\/general-optica-mataro-parc\/","title":{"rendered":"General \u00d3ptica Matar\u00f3 Parc"},"content":{"rendered":"<p>General \u00d2ptica Matar\u00f3 Parc, \u00e9s una destacada \u00f2ptica que ofereix una \u00e0mplia gamma de serveis per a la cura de la salut visual. Entre les seves prestacions s'inclouen ex\u00e0mens de la vista, adaptaci\u00f3 de lents de contacte i una variada selecci\u00f3 d'ulleres graduades i de sol de les marques m\u00e9s reconegudes.<\/p>\n<p>L'equip de professionals de General \u00d2ptica Matar\u00f3 Parc es compromet a proporcionar una atenci\u00f3 personalitzada, assegurant que cada client rebi solucions visuals adaptades a les seves necessitats espec\u00edfiques. A m\u00e9s, compten amb tecnologia avan\u00e7ada per a la fabricaci\u00f3 i ajust de lents, garantint la m\u00e0xima precisi\u00f3 i comoditat en cada producte.<\/p>\n<p>La ubicaci\u00f3 estrat\u00e8gica de la botiga en el Centre Comercial Matar\u00f3 Parc facilita l'acc\u00e9s per als residents de Matar\u00f3 i els seus voltants, oferint un entorn c\u00f2mode i modern per a realitzar compres i rebre atenci\u00f3 especialitzada en salut visual. El seu horari ampli permet als clients visitar l'\u00f2ptica en el moment que millor s'adapti a la seva rutina di\u00e0ria.<\/p>","protected":false},"excerpt":{"rendered":"<p>General \u00d3ptica Matar\u00f3 Parc, es una destacada \u00f3ptica que ofrece una amplia gama de servicios para el cuidado de la salud visual. Entre sus prestaciones se incluyen ex\u00e1menes de la vista, adaptaci\u00f3n de lentes de contacto y una variada selecci\u00f3n de gafas graduadas y de sol de las marcas m\u00e1s reconocidas. El equipo de profesionales &hellip; <\/p>","protected":false},"author":1,"featured_media":15678,"parent":0,"menu_order":0,"comment_status":"open","ping_status":"closed","template":"","class_list":["post-14647","listing","type-listing","status-publish","has-post-thumbnail","hentry","listing_cat-opticas","listing_feature-accesibles-para-minusvalidos","listing_feature-asesoramiento-tecnico-y-estetico","listing_feature-gafas-de-proteccion","listing_feature-gafas-de-sol","listing_feature-gafas-deportivas","listing_feature-gafas-graduadas","listing_feature-gafas-infantiles","listing_feature-graduacion","listing_feature-lentes-de-contacto","listing_location-cc-mataro-parc","listing_location-cataluna","listing_location-mataro","listing_tag-gafas","listing_tag-lentes-de-contacto","listing_tag-lentillas","listing_tag-optica"],"_links":{"self":[{"href":"https:\/\/mataroactiva.net\/cat\/wp-json\/wp\/v2\/listing\/14647","targetHints":{"allow":["GET"]}}],"collection":[{"href":"https:\/\/mataroactiva.net\/cat\/wp-json\/wp\/v2\/listing"}],"about":[{"href":"https:\/\/mataroactiva.net\/cat\/wp-json\/wp\/v2\/types\/listing"}],"author":[{"embeddable":true,"href":"https:\/\/mataroactiva.net\/cat\/wp-json\/wp\/v2\/users\/1"}],"replies":[{"embeddable":true,"href":"https:\/\/mataroactiva.net\/cat\/wp-json\/wp\/v2\/comments?post=14647"}],"wp:featuredmedia":[{"embeddable":true,"href":"https:\/\/mataroactiva.net\/cat\/wp-json\/wp\/v2\/media\/15678"}],"wp:attachment":[{"href":"https:\/\/mataroactiva.net\/cat\/wp-json\/wp\/v2\/media?parent=14647"}],"curies":[{"name":"wp","href":"https:\/\/api.w.org\/{rel}","templated":true}]}}