{"id":14634,"date":"2024-12-16T19:43:57","date_gmt":"2024-12-16T18:43:57","guid":{"rendered":"https:\/?post_type=listing&#038;p=14634"},"modified":"2025-02-11T21:37:59","modified_gmt":"2025-02-11T20:37:59","slug":"benetton-mataro-parc","status":"publish","type":"listing","link":"https:\/\/mataroactiva.net\/cat\/negocio\/benetton-mataro-parc\/","title":{"rendered":"Benetton Matar\u00f3 Parc"},"content":{"rendered":"<p>Benetton Matar\u00f3 Parc \u00e9s la botiga ideal per als qui busquen moda amb estil, comoditat i qualitat per a tota la fam\u00edlia. Situada en el cor del Centre Comercial Matar\u00f3 Parc, aquesta botiga ofereix una \u00e0mplia gamma de peces per a homes i dones, destacant pel seu colorit caracter\u00edstic i dissenys atemporals. Cada col\u00b7lecci\u00f3 de Benetton Matar\u00f3 Parc combina les \u00faltimes tend\u00e8ncies amb l'ess\u00e8ncia de la marca, assegurant sempre un toc fresc i modern.<\/p>\n<p>L'espai est\u00e0 acuradament organitzat perqu\u00e8 la teva experi\u00e8ncia de compra sigui fluida i agradable. Des de b\u00e0sics imprescindibles fins a peces \u00faniques per a cada temporada, trobar\u00e0s opcions per a totes les edats i ocasions. A m\u00e9s, la seva l\u00ednia de roba infantil ofereix qualitat i confort, ideal perqu\u00e8 els m\u00e9s petits gaudeixin de cada moment amb llibertat i estil.<\/p>\n<p>Si busques peces sostenibles i confeccionades amb materials d'alta qualitat, Benetton Matar\u00f3 Parc \u00e9s el teu dest\u00ed. La botiga segueix compromesa amb la moda responsable, apostant per t\u00e8xtils respectuosos amb el medi ambient sense renunciar al seu estil vibrant i aut\u00e8ntic. Renova el teu armari amb la confian\u00e7a de triar una marca que mai passa de moda.<\/p>","protected":false},"excerpt":{"rendered":"<p>Benetton Matar\u00f3 Parc es la tienda ideal para quienes buscan moda con estilo, comodidad y calidad para toda la familia. Situada en el coraz\u00f3n del Centro Comercial Matar\u00f3 Parc, esta tienda ofrece una amplia gama de prendas para hombres y mujeres, destacando por su colorido caracter\u00edstico y dise\u00f1os atemporales. Cada colecci\u00f3n de Benetton Matar\u00f3 Parc &hellip; <\/p>","protected":false},"author":1,"featured_media":15527,"parent":0,"menu_order":0,"comment_status":"open","ping_status":"closed","template":"","class_list":["post-14634","listing","type-listing","status-publish","has-post-thumbnail","hentry","listing_cat-tiendas-de-ropa","listing_feature-accesibles-para-minusvalidos","listing_feature-ropa-hombre","listing_feature-ropa-mujer","listing_location-cc-mataro-parc","listing_location-cataluna","listing_location-mataro","listing_tag-camisas","listing_tag-moda","listing_tag-pantalones","listing_tag-polos","listing_tag-ropa-hombre","listing_tag-ropa-mujer"],"_links":{"self":[{"href":"https:\/\/mataroactiva.net\/cat\/wp-json\/wp\/v2\/listing\/14634","targetHints":{"allow":["GET"]}}],"collection":[{"href":"https:\/\/mataroactiva.net\/cat\/wp-json\/wp\/v2\/listing"}],"about":[{"href":"https:\/\/mataroactiva.net\/cat\/wp-json\/wp\/v2\/types\/listing"}],"author":[{"embeddable":true,"href":"https:\/\/mataroactiva.net\/cat\/wp-json\/wp\/v2\/users\/1"}],"replies":[{"embeddable":true,"href":"https:\/\/mataroactiva.net\/cat\/wp-json\/wp\/v2\/comments?post=14634"}],"wp:featuredmedia":[{"embeddable":true,"href":"https:\/\/mataroactiva.net\/cat\/wp-json\/wp\/v2\/media\/15527"}],"wp:attachment":[{"href":"https:\/\/mataroactiva.net\/cat\/wp-json\/wp\/v2\/media?parent=14634"}],"curies":[{"name":"wp","href":"https:\/\/api.w.org\/{rel}","templated":true}]}}