{"id":14601,"date":"2024-12-18T14:07:38","date_gmt":"2024-12-18T13:07:38","guid":{"rendered":"https:\/?post_type=listing&#038;p=14601"},"modified":"2025-02-12T00:35:36","modified_gmt":"2025-02-11T23:35:36","slug":"mango-kids-mataro-parc","status":"publish","type":"listing","link":"https:\/\/mataroactiva.net\/cat\/negocio\/mango-kids-mataro-parc\/","title":{"rendered":"Mango Kids Matar\u00f3 Parc"},"content":{"rendered":"<p>Mango Kids Matar\u00f3 Parc \u00e9s una botiga especialitzada en moda infantil que ofereix una \u00e0mplia varietat de peces i accessoris per a nens i nenes. La marca, reconeguda pel seu estil contemporani i qualitat, s'enfoca a proporcionar dissenys que combinen comoditat i tend\u00e8ncies actuals, adaptant-se a les necessitats dels m\u00e9s petits.<\/p>\n<p>En aquesta botiga, els clients poden trobar col\u00b7leccions dirigides a beb\u00e8s des de nounats fins a nens de 14 anys, incloent-hi roba per a beb\u00e8s de 0 a 3 anys i per a nens de 3 a 14 anys. L'oferta abasta des de peces b\u00e0siques fins a conjunts m\u00e9s elaborats, permetent vestir els nens per a diverses ocasions, sempre amb la garantia de qualitat que caracteritza a Mango.<\/p>\n<p>Situada en el Centre Comercial Matar\u00f3 Parc, la botiga compta amb un espai de 130 metres quadrats on s'exhibeixen les \u00faltimes col\u00b7leccions de la l\u00ednia infantil de la marca. L'equip de Mango Kids Matar\u00f3 Parc est\u00e0 disponible per a assessorar els pares en l'elecci\u00f3 de les peces m\u00e9s adequades per als seus fills, assegurant una experi\u00e8ncia de compra satisfact\u00f2ria i adaptada a les necessitats familiars.<\/p>","protected":false},"excerpt":{"rendered":"<p>Mango Kids Matar\u00f3 Parc es una tienda especializada en moda infantil que ofrece una amplia variedad de prendas y accesorios para ni\u00f1os y ni\u00f1as. La marca, reconocida por su estilo contempor\u00e1neo y calidad, se enfoca en proporcionar dise\u00f1os que combinan comodidad y tendencias actuales, adapt\u00e1ndose a las necesidades de los m\u00e1s peque\u00f1os. En esta tienda, &hellip; <\/p>","protected":false},"author":1,"featured_media":15564,"parent":0,"menu_order":0,"comment_status":"open","ping_status":"closed","template":"","class_list":["post-14601","listing","type-listing","status-publish","has-post-thumbnail","hentry","listing_cat-moda-infantil","listing_feature-accesibles-para-minusvalidos","listing_feature-ropa-infantil","listing_location-cc-mataro-parc","listing_location-cataluna","listing_location-mataro","listing_tag-camiseta-nino","listing_tag-moda-infantil","listing_tag-pantalon-nino","listing_tag-ropa-nino"],"_links":{"self":[{"href":"https:\/\/mataroactiva.net\/cat\/wp-json\/wp\/v2\/listing\/14601","targetHints":{"allow":["GET"]}}],"collection":[{"href":"https:\/\/mataroactiva.net\/cat\/wp-json\/wp\/v2\/listing"}],"about":[{"href":"https:\/\/mataroactiva.net\/cat\/wp-json\/wp\/v2\/types\/listing"}],"author":[{"embeddable":true,"href":"https:\/\/mataroactiva.net\/cat\/wp-json\/wp\/v2\/users\/1"}],"replies":[{"embeddable":true,"href":"https:\/\/mataroactiva.net\/cat\/wp-json\/wp\/v2\/comments?post=14601"}],"wp:featuredmedia":[{"embeddable":true,"href":"https:\/\/mataroactiva.net\/cat\/wp-json\/wp\/v2\/media\/15564"}],"wp:attachment":[{"href":"https:\/\/mataroactiva.net\/cat\/wp-json\/wp\/v2\/media?parent=14601"}],"curies":[{"name":"wp","href":"https:\/\/api.w.org\/{rel}","templated":true}]}}