{"id":14307,"date":"2024-12-22T00:09:10","date_gmt":"2024-12-21T23:09:10","guid":{"rendered":"https:\/?post_type=listing&#038;p=14307"},"modified":"2025-02-12T10:49:00","modified_gmt":"2025-02-12T09:49:00","slug":"optica-ximenes-placa-santa-anna","status":"publish","type":"listing","link":"https:\/\/mataroactiva.net\/cat\/negocio\/optica-ximenes-placa-santa-anna\/","title":{"rendered":"\u00d2ptica Ximenes Pla\u00e7a Santa Anna"},"content":{"rendered":"<p>\u00d2ptica Ximenes Pla\u00e7a Santa Anna \u00e9s un establiment amb m\u00e9s de 80 anys d'experi\u00e8ncia en el sector \u00f2ptic. Ofereix una \u00e0mplia gamma de serveis que inclouen ex\u00e0mens visuals complets, adaptaci\u00f3 de lents de contacte i solucions en audiologia. El seu equip de professionals altament qualificats garanteix una atenci\u00f3 personalitzada per a satisfer les necessitats espec\u00edfiques de cada client.<\/p>\n<p>L'establiment es distingeix per la seva variada selecci\u00f3 de muntures i lents de marques reconegudes, assegurant tant qualitat com estil en cada producte. A m\u00e9s, compten amb tecnologia d'avantguarda per a la fabricaci\u00f3 de lents, la qual cosa permet oferir solucions \u00f2ptiques precises i adaptades a les particularitats visuals de cada persona.<\/p>\n<p>La ubicaci\u00f3 c\u00e8ntrica d'\u00d2ptica Ximenes en Pla\u00e7a Santa Anna facilita l'acc\u00e9s a les seves instal\u00b7lacions, convertint-la en una opci\u00f3 convenient per als residents de Matar\u00f3 i els seus voltants. El comprom\u00eds amb la satisfacci\u00f3 del client es reflecteix en la dedicaci\u00f3 i professionalisme del seu equip, els qui s'esforcen per brindar un servei d'excel\u00b7l\u00e8ncia en cada visita.<\/p>","protected":false},"excerpt":{"rendered":"<p>\u00d3ptica Ximenes Pla\u00e7a Santa Anna es un establecimiento con m\u00e1s de 80 a\u00f1os de experiencia en el sector \u00f3ptico. Ofrece una amplia gama de servicios que incluyen ex\u00e1menes visuales completos, adaptaci\u00f3n de lentes de contacto y soluciones en audiolog\u00eda. Su equipo de profesionales altamente cualificados garantiza una atenci\u00f3n personalizada para satisfacer las necesidades espec\u00edficas de &hellip; <\/p>","protected":false},"author":1,"featured_media":14306,"parent":0,"menu_order":0,"comment_status":"open","ping_status":"closed","template":"","class_list":["post-14307","listing","type-listing","status-publish","has-post-thumbnail","hentry","listing_cat-opticas","listing_feature-asesoramiento-tecnico-y-estetico","listing_feature-gafas-de-proteccion","listing_feature-gafas-de-sol","listing_feature-gafas-deportivas","listing_feature-gafas-graduadas","listing_feature-gafas-infantiles","listing_feature-graduacion","listing_feature-lentes-de-contacto","listing_location-cataluna","listing_location-centro","listing_location-mataro","listing_tag-gafas","listing_tag-optica","listing_tag-ximenes"],"_links":{"self":[{"href":"https:\/\/mataroactiva.net\/cat\/wp-json\/wp\/v2\/listing\/14307","targetHints":{"allow":["GET"]}}],"collection":[{"href":"https:\/\/mataroactiva.net\/cat\/wp-json\/wp\/v2\/listing"}],"about":[{"href":"https:\/\/mataroactiva.net\/cat\/wp-json\/wp\/v2\/types\/listing"}],"author":[{"embeddable":true,"href":"https:\/\/mataroactiva.net\/cat\/wp-json\/wp\/v2\/users\/1"}],"replies":[{"embeddable":true,"href":"https:\/\/mataroactiva.net\/cat\/wp-json\/wp\/v2\/comments?post=14307"}],"wp:featuredmedia":[{"embeddable":true,"href":"https:\/\/mataroactiva.net\/cat\/wp-json\/wp\/v2\/media\/14306"}],"wp:attachment":[{"href":"https:\/\/mataroactiva.net\/cat\/wp-json\/wp\/v2\/media?parent=14307"}],"curies":[{"name":"wp","href":"https:\/\/api.w.org\/{rel}","templated":true}]}}