{"id":13991,"date":"2024-10-29T11:07:19","date_gmt":"2024-10-29T10:07:19","guid":{"rendered":"https:\/?post_type=listing&#038;p=13991"},"modified":"2025-02-11T23:37:51","modified_gmt":"2025-02-11T22:37:51","slug":"gaes-mataro-la-riera","status":"publish","type":"listing","link":"https:\/\/mataroactiva.net\/cat\/negocio\/gaes-mataro-la-riera\/","title":{"rendered":"GAES Matar\u00f3 La Riera"},"content":{"rendered":"<p>Gaes Matar\u00f3 La Riera es una reconocida cl\u00ednica auditiva situada en el centro de Matar\u00f3, especializada en el cuidado de la audici\u00f3n y en la adaptaci\u00f3n de aud\u00edfonos de alta calidad. El equipo de especialistas ofrece una atenci\u00f3n personalizada y asesoramiento profesional, con el fin de proporcionar soluciones auditivas \u00f3ptimas para cada cliente. Con un compromiso con la innovaci\u00f3n, Gaes incorpora las \u00faltimas tecnolog\u00edas en aud\u00edfonos, asegurando una experiencia auditiva c\u00f3moda y satisfactoria para todos sus pacientes.<\/p>\n<p>En Gaes Matar\u00f3 La Riera, los clientes pueden acceder a una variedad de servicios, como pruebas auditivas, ajuste de aud\u00edfonos y mantenimiento preventivo. La cl\u00ednica cuenta con una amplia gama de productos que incluyen aud\u00edfonos de marcas l\u00edderes y accesorios auditivos dise\u00f1ados para adaptarse a cualquier estilo de vida y necesidad. Adem\u00e1s, su equipo altamente capacitado se asegura de explicar cada opci\u00f3n disponible, facilitando la toma de decisiones para los pacientes.<\/p>\n<p>El compromiso de Gaes con la excelencia en la atenci\u00f3n al cliente ha establecido a esta cl\u00ednica como un referente en Matar\u00f3 para el cuidado auditivo. La cl\u00ednica tambi\u00e9n ofrece programas de seguimiento y soporte continuo, ayudando a sus pacientes a mantener una salud auditiva \u00f3ptima y disfrutar de una mejor calidad de vida.<\/p>","protected":false},"excerpt":{"rendered":"<p>Gaes Matar\u00f3 La Riera es una reconocida cl\u00ednica auditiva situada en el centro de Matar\u00f3, especializada en el cuidado de la audici\u00f3n y en la adaptaci\u00f3n de aud\u00edfonos de alta calidad. El equipo de especialistas ofrece una atenci\u00f3n personalizada y asesoramiento profesional, con el fin de proporcionar soluciones auditivas \u00f3ptimas para cada cliente. Con un &hellip; <\/p>","protected":false},"author":1,"featured_media":13990,"parent":0,"menu_order":0,"comment_status":"open","ping_status":"closed","template":"","class_list":["post-13991","listing","type-listing","status-publish","has-post-thumbnail","hentry","listing_cat-audicion","listing_feature-accesibles-para-minusvalidos","listing_feature-evaluaciones-auditivas-completas","listing_feature-mantenimiento-y-reparacion-de-audifonos","listing_feature-pruebas-de-adaptacion-progresiva","listing_location-cataluna","listing_location-centro","listing_location-mataro","listing_tag-audifonos","listing_tag-centro-auditivo","listing_tag-reparacion-audifonos"],"_links":{"self":[{"href":"https:\/\/mataroactiva.net\/cat\/wp-json\/wp\/v2\/listing\/13991","targetHints":{"allow":["GET"]}}],"collection":[{"href":"https:\/\/mataroactiva.net\/cat\/wp-json\/wp\/v2\/listing"}],"about":[{"href":"https:\/\/mataroactiva.net\/cat\/wp-json\/wp\/v2\/types\/listing"}],"author":[{"embeddable":true,"href":"https:\/\/mataroactiva.net\/cat\/wp-json\/wp\/v2\/users\/1"}],"replies":[{"embeddable":true,"href":"https:\/\/mataroactiva.net\/cat\/wp-json\/wp\/v2\/comments?post=13991"}],"wp:featuredmedia":[{"embeddable":true,"href":"https:\/\/mataroactiva.net\/cat\/wp-json\/wp\/v2\/media\/13990"}],"wp:attachment":[{"href":"https:\/\/mataroactiva.net\/cat\/wp-json\/wp\/v2\/media?parent=13991"}],"curies":[{"name":"wp","href":"https:\/\/api.w.org\/{rel}","templated":true}]}}