{"id":11568,"date":"2024-05-27T12:27:08","date_gmt":"2024-05-27T10:27:08","guid":{"rendered":"https:\/?post_type=listing&#038;p=11568"},"modified":"2024-05-27T12:27:27","modified_gmt":"2024-05-27T10:27:27","slug":"la-cuina-del-cel","status":"publish","type":"listing","link":"https:\/\/mataroactiva.net\/cat\/negocio\/la-cuina-del-cel\/","title":{"rendered":"La Cuina del Cel"},"content":{"rendered":"<p data-sourcepos=\"3:1-3:58\">Des de fa gaireb\u00e9 dues d\u00e8cades, aquest restaurant s'ha convertit en un referent per als amants de la cuina sense carn, oferint un men\u00fa creatiu i elaborat amb productes frescos i de temporada.<\/p>\n<p data-sourcepos=\"5:1-5:11\">En La Cuina del Cel, la pasi\u00f3n por la cocina vegetariana se refleja en cada plato. Su carta ofrece una amplia variedad de opciones para todos los gustos, desde entrantes ligeros hasta postres deliciosos. Utilizan productos locales de temporada, garantizando un sabor excepcional y apoyando a la econom\u00eda local.<\/p>\n<p data-sourcepos=\"7:1-7:261\">El local \u00e9s acollidor i familiar, amb un ambient agradable i sostenible. El servei \u00e9s atent i t'ajudar\u00e0 a triar el plat perfecte per a tu. La Cuina del Cel \u00e9s m\u00e9s que un restaurant, \u00e9s un estil de vida on gaudir d'un \u00e0pat delici\u00f3s i saludable.<\/p>","protected":false},"excerpt":{"rendered":"<p>Desde hace casi dos d\u00e9cadas, este restaurante se ha convertido en un referente para los amantes de la cocina sin carne, ofreciendo un men\u00fa creativo y elaborado con productos frescos y de temporada. En La Cuina del Cel, la pasi\u00f3n por la cocina vegetariana se refleja en cada plato. Su carta ofrece una amplia variedad &hellip; <\/p>","protected":false},"author":1,"featured_media":11574,"parent":0,"menu_order":0,"comment_status":"open","ping_status":"closed","template":"","class_list":["post-11568","listing","type-listing","status-publish","has-post-thumbnail","hentry","listing_cat-vegetariana-vegana","listing_feature-restaurantes-aptos-para-celiacos","listing_feature-restaurantes-aptos-para-veganos-en-mataro","listing_feature-restaurantes-aptos-para-vegetarianos-en-mataro","listing_feature-comidas","listing_feature-menu","listing_feature-terraza","listing_location-cataluna","listing_location-centro","listing_location-mataro","listing_tag-menu","listing_tag-terraza","listing_tag-vegetariano"],"_links":{"self":[{"href":"https:\/\/mataroactiva.net\/cat\/wp-json\/wp\/v2\/listing\/11568","targetHints":{"allow":["GET"]}}],"collection":[{"href":"https:\/\/mataroactiva.net\/cat\/wp-json\/wp\/v2\/listing"}],"about":[{"href":"https:\/\/mataroactiva.net\/cat\/wp-json\/wp\/v2\/types\/listing"}],"author":[{"embeddable":true,"href":"https:\/\/mataroactiva.net\/cat\/wp-json\/wp\/v2\/users\/1"}],"replies":[{"embeddable":true,"href":"https:\/\/mataroactiva.net\/cat\/wp-json\/wp\/v2\/comments?post=11568"}],"wp:featuredmedia":[{"embeddable":true,"href":"https:\/\/mataroactiva.net\/cat\/wp-json\/wp\/v2\/media\/11574"}],"wp:attachment":[{"href":"https:\/\/mataroactiva.net\/cat\/wp-json\/wp\/v2\/media?parent=11568"}],"curies":[{"name":"wp","href":"https:\/\/api.w.org\/{rel}","templated":true}]}}