{"id":11485,"date":"2024-05-21T22:43:56","date_gmt":"2024-05-21T20:43:56","guid":{"rendered":"https:\/?post_type=listing&#038;p=11485"},"modified":"2024-05-21T23:07:17","modified_gmt":"2024-05-21T21:07:17","slug":"lasal-del-varador","status":"publish","type":"listing","link":"https:\/\/mataroactiva.net\/cat\/negocio\/lasal-del-varador\/","title":{"rendered":"Lasal del Varador"},"content":{"rendered":"<p>Lasal del Varador, conegut popularment com Lasal Matar\u00f3, \u00e9s un encantador restaurant situat a la pintoresca localitat de Matar\u00f3, a pocs metres del mar Mediterrani. Amb una ubicaci\u00f3 privilegiada a la platja del Varador, aquest establiment ofereix una experi\u00e8ncia gastron\u00f2mica \u00fanica en un ambient relaxat i acollidor. El restaurant es especialitza en cuina mediterr\u00e0nia, destacant-se per l'\u00fas d'ingredients frescos i de proximitat. Plats elaborats amb marisc, peix del dia, i una selecci\u00f3 de tapes creatives s\u00f3n nom\u00e9s alguns dels plats que esperen als comensals a Lasal Matar\u00f3. \u00c9s el lloc perfecte tant per a un dinar informal al costat del mar com per a celebracions especials amb vistes panor\u00e0miques incomparables.<\/p>\n<p>El comprom\u00eds amb la sostenibilitat \u00e9s un pilar fonamental a Lasal Matar\u00f3, reflectit en el seu disseny ecol\u00f2gic i en la selecci\u00f3 de productes org\u00e0nics i de comer\u00e7 just. L'equip del restaurant, liderat per xefs apassionats i un personal atent, s'esfor\u00e7a per brindar una experi\u00e8ncia culin\u00e0ria memorable que combina tradici\u00f3 i modernitat. A m\u00e9s, l'ambient acollidor i la decoraci\u00f3 amb tocs marins creen un entorn perfecte per gaudir d'una vetllada inoblidable. Lasal Matar\u00f3 no nom\u00e9s \u00e9s un lloc per degustar deliciosos plats, sin\u00f3 tamb\u00e9 per gaudir de l'encant del litoral catal\u00e0 en la seva m\u00e0xima expressi\u00f3. Reserva la teva taula avui i viu una experi\u00e8ncia inoblidable a Lasal Matar\u00f3!<\/p>","protected":false},"excerpt":{"rendered":"<p>Restaurante perfecto para disfrutar del sabor mediterr\u00e1neo en Matar\u00f3<\/p>","protected":false},"author":1,"featured_media":11490,"parent":0,"menu_order":0,"comment_status":"open","ping_status":"closed","template":"","class_list":["post-11485","listing","type-listing","status-publish","has-post-thumbnail","hentry","listing_cat-mediterranea","listing_feature-restaurantes-aptos-para-celiacos","listing_feature-restaurantes-aptos-para-veganos-en-mataro","listing_feature-cenas","listing_feature-comidas","listing_feature-terraza","listing_location-cataluna","listing_location-mataro","listing_location-playa"],"_links":{"self":[{"href":"https:\/\/mataroactiva.net\/cat\/wp-json\/wp\/v2\/listing\/11485","targetHints":{"allow":["GET"]}}],"collection":[{"href":"https:\/\/mataroactiva.net\/cat\/wp-json\/wp\/v2\/listing"}],"about":[{"href":"https:\/\/mataroactiva.net\/cat\/wp-json\/wp\/v2\/types\/listing"}],"author":[{"embeddable":true,"href":"https:\/\/mataroactiva.net\/cat\/wp-json\/wp\/v2\/users\/1"}],"replies":[{"embeddable":true,"href":"https:\/\/mataroactiva.net\/cat\/wp-json\/wp\/v2\/comments?post=11485"}],"wp:featuredmedia":[{"embeddable":true,"href":"https:\/\/mataroactiva.net\/cat\/wp-json\/wp\/v2\/media\/11490"}],"wp:attachment":[{"href":"https:\/\/mataroactiva.net\/cat\/wp-json\/wp\/v2\/media?parent=11485"}],"curies":[{"name":"wp","href":"https:\/\/api.w.org\/{rel}","templated":true}]}}